{"id":56,"date":"2017-06-01T05:14:50","date_gmt":"2017-06-01T05:14:50","guid":{"rendered":"http:\/\/relaunch.st-georg-corps.de\/?page_id=56"},"modified":"2025-07-06T18:49:50","modified_gmt":"2025-07-06T16:49:50","slug":"gaestekoenige","status":"publish","type":"page","link":"https:\/\/www.st-georg-corps.de\/?page_id=56","title":{"rendered":"G\u00e4stek\u00f6nige"},"content":{"rendered":"<div id=\"attachment_3670\" style=\"width: 410px\" class=\"wp-caption aligncenter\"><a href=\"https:\/\/i0.wp.com\/www.st-georg-corps.de\/wp-content\/uploads\/2025\/07\/2025_Sattler-Rainer.jpg\"><img data-recalc-dims=\"1\" loading=\"lazy\" decoding=\"async\" aria-describedby=\"caption-attachment-3670\" data-attachment-id=\"3670\" data-permalink=\"https:\/\/www.st-georg-corps.de\/?attachment_id=3670\" data-orig-file=\"https:\/\/i0.wp.com\/www.st-georg-corps.de\/wp-content\/uploads\/2025\/07\/2025_Sattler-Rainer.jpg?fit=2000%2C2000&amp;ssl=1\" data-orig-size=\"2000,2000\" data-comments-opened=\"0\" data-image-meta=\"{&quot;aperture&quot;:&quot;0&quot;,&quot;credit&quot;:&quot;&quot;,&quot;camera&quot;:&quot;&quot;,&quot;caption&quot;:&quot;&quot;,&quot;created_timestamp&quot;:&quot;0&quot;,&quot;copyright&quot;:&quot;&quot;,&quot;focal_length&quot;:&quot;0&quot;,&quot;iso&quot;:&quot;0&quot;,&quot;shutter_speed&quot;:&quot;0&quot;,&quot;title&quot;:&quot;&quot;,&quot;orientation&quot;:&quot;0&quot;}\" data-image-title=\"2025_Sattler-Rainer\" data-image-description=\"\" data-image-caption=\"\" data-medium-file=\"https:\/\/i0.wp.com\/www.st-georg-corps.de\/wp-content\/uploads\/2025\/07\/2025_Sattler-Rainer.jpg?fit=600%2C600&amp;ssl=1\" data-large-file=\"https:\/\/i0.wp.com\/www.st-georg-corps.de\/wp-content\/uploads\/2025\/07\/2025_Sattler-Rainer.jpg?fit=860%2C860&amp;ssl=1\" class=\"wp-image-3670\" src=\"https:\/\/i0.wp.com\/www.st-georg-corps.de\/wp-content\/uploads\/2025\/07\/2025_Sattler-Rainer.jpg?resize=400%2C400\" alt=\"\" width=\"400\" height=\"400\" srcset=\"https:\/\/i0.wp.com\/www.st-georg-corps.de\/wp-content\/uploads\/2025\/07\/2025_Sattler-Rainer.jpg?resize=250%2C250&amp;ssl=1 250w, https:\/\/i0.wp.com\/www.st-georg-corps.de\/wp-content\/uploads\/2025\/07\/2025_Sattler-Rainer.jpg?resize=600%2C600&amp;ssl=1 600w, https:\/\/i0.wp.com\/www.st-georg-corps.de\/wp-content\/uploads\/2025\/07\/2025_Sattler-Rainer.jpg?resize=1024%2C1024&amp;ssl=1 1024w, https:\/\/i0.wp.com\/www.st-georg-corps.de\/wp-content\/uploads\/2025\/07\/2025_Sattler-Rainer.jpg?resize=768%2C768&amp;ssl=1 768w, https:\/\/i0.wp.com\/www.st-georg-corps.de\/wp-content\/uploads\/2025\/07\/2025_Sattler-Rainer.jpg?resize=1536%2C1536&amp;ssl=1 1536w, https:\/\/i0.wp.com\/www.st-georg-corps.de\/wp-content\/uploads\/2025\/07\/2025_Sattler-Rainer.jpg?resize=90%2C90&amp;ssl=1 90w, https:\/\/i0.wp.com\/www.st-georg-corps.de\/wp-content\/uploads\/2025\/07\/2025_Sattler-Rainer.jpg?resize=75%2C75&amp;ssl=1 75w, https:\/\/i0.wp.com\/www.st-georg-corps.de\/wp-content\/uploads\/2025\/07\/2025_Sattler-Rainer.jpg?w=2000&amp;ssl=1 2000w, https:\/\/i0.wp.com\/www.st-georg-corps.de\/wp-content\/uploads\/2025\/07\/2025_Sattler-Rainer.jpg?w=1720 1720w\" sizes=\"auto, (max-width: 400px) 100vw, 400px\" \/><\/a><p id=\"caption-attachment-3670\" class=\"wp-caption-text\">G\u00e4stek\u00f6nig 2025 &#8211; Rainer Sattler<\/p><\/div>\n\n<table id=\"tablepress-3\" class=\"tablepress tablepress-id-3\">\n<tbody class=\"row-striping row-hover\">\n<tr class=\"row-1\">\n\t<td class=\"column-1\"><strong>2025<\/strong><\/td><td class=\"column-2\">Rainer Sattler<\/td>\n<\/tr>\n<tr class=\"row-2\">\n\t<td class=\"column-1\"><strong>2024<\/strong><\/td><td class=\"column-2\">Dr. Carolin Kostbahn<\/td>\n<\/tr>\n<tr class=\"row-3\">\n\t<td class=\"column-1\"><strong>2023<\/strong><\/td><td class=\"column-2\">Isabel Bialon<\/td>\n<\/tr>\n<tr class=\"row-4\">\n\t<td class=\"column-1\"><strong>2022<\/strong><\/td><td class=\"column-2\">Sebastian Siegmann<\/td>\n<\/tr>\n<tr class=\"row-5\">\n\t<td class=\"column-1\"><strong>2021<\/strong><\/td><td class=\"column-2\">Kein neuer G\u00e4stek\u00f6nig wegen Corona<\/td>\n<\/tr>\n<tr class=\"row-6\">\n\t<td class=\"column-1\"><strong>2020<\/strong><\/td><td class=\"column-2\">Kein neuer G\u00e4stek\u00f6nig wegen Corona<\/td>\n<\/tr>\n<tr class=\"row-7\">\n\t<td class=\"column-1\"><strong>2019<\/strong><\/td><td class=\"column-2\">Bundestagsabgeordneter Peter Beyer<\/td>\n<\/tr>\n<tr class=\"row-8\">\n\t<td class=\"column-1\"><strong>2018<\/strong><\/td><td class=\"column-2\">Karl-Heinz (Kalle) T\u00f6pfer<\/td>\n<\/tr>\n<tr class=\"row-9\">\n\t<td class=\"column-1\"><strong>2017<\/strong><\/td><td class=\"column-2\">Yvonne Laufs<\/td>\n<\/tr>\n<tr class=\"row-10\">\n\t<td class=\"column-1\"><strong>2016<\/strong><\/td><td class=\"column-2\">Kerstin Sucker<\/td>\n<\/tr>\n<tr class=\"row-11\">\n\t<td class=\"column-1\"><strong>2015<\/strong><\/td><td class=\"column-2\">Udo Middendorf<\/td>\n<\/tr>\n<tr class=\"row-12\">\n\t<td class=\"column-1\"><strong>2014<\/strong><\/td><td class=\"column-2\">Marco Spottog<\/td>\n<\/tr>\n<tr class=\"row-13\">\n\t<td class=\"column-1\"><strong>2013<\/strong><\/td><td class=\"column-2\">Andr\u00e9 Franken<\/td>\n<\/tr>\n<tr class=\"row-14\">\n\t<td class=\"column-1\"><strong>2012<\/strong><\/td><td class=\"column-2\">Reiner Laufs<\/td>\n<\/tr>\n<tr class=\"row-15\">\n\t<td class=\"column-1\"><strong>2011<\/strong><\/td><td class=\"column-2\">Karl Heinz Gatzweiler<\/td>\n<\/tr>\n<tr class=\"row-16\">\n\t<td class=\"column-1\"><strong>2010<\/strong><\/td><td class=\"column-2\">Wolfgang Krause<\/td>\n<\/tr>\n<tr class=\"row-17\">\n\t<td class=\"column-1\"><strong>2009<\/strong><\/td><td class=\"column-2\">Kajo Stemmler<\/td>\n<\/tr>\n<\/tbody>\n<\/table>\n<!-- #tablepress-3 from cache -->\n<p><!--more--><\/p>\n<div id=\"attachment_3436\" style=\"width: 260px\" class=\"wp-caption aligncenter\"><a href=\"https:\/\/i0.wp.com\/www.st-georg-corps.de\/wp-content\/uploads\/2024\/06\/2024_Gaestekoenigin_Kostbahn-Carolin.jpg\"><img data-recalc-dims=\"1\" loading=\"lazy\" decoding=\"async\" aria-describedby=\"caption-attachment-3436\" data-attachment-id=\"3436\" data-permalink=\"https:\/\/www.st-georg-corps.de\/?attachment_id=3436\" data-orig-file=\"https:\/\/i0.wp.com\/www.st-georg-corps.de\/wp-content\/uploads\/2024\/06\/2024_Gaestekoenigin_Kostbahn-Carolin.jpg?fit=1000%2C1000&amp;ssl=1\" data-orig-size=\"1000,1000\" data-comments-opened=\"0\" data-image-meta=\"{&quot;aperture&quot;:&quot;0&quot;,&quot;credit&quot;:&quot;&quot;,&quot;camera&quot;:&quot;&quot;,&quot;caption&quot;:&quot;&quot;,&quot;created_timestamp&quot;:&quot;0&quot;,&quot;copyright&quot;:&quot;&quot;,&quot;focal_length&quot;:&quot;0&quot;,&quot;iso&quot;:&quot;0&quot;,&quot;shutter_speed&quot;:&quot;0&quot;,&quot;title&quot;:&quot;&quot;,&quot;orientation&quot;:&quot;0&quot;}\" data-image-title=\"\" data-image-description=\"\" data-image-caption=\"\" data-medium-file=\"https:\/\/i0.wp.com\/www.st-georg-corps.de\/wp-content\/uploads\/2024\/06\/2024_Gaestekoenigin_Kostbahn-Carolin.jpg?fit=600%2C600&amp;ssl=1\" data-large-file=\"https:\/\/i0.wp.com\/www.st-georg-corps.de\/wp-content\/uploads\/2024\/06\/2024_Gaestekoenigin_Kostbahn-Carolin.jpg?fit=860%2C860&amp;ssl=1\" class=\"wp-image-3436\" src=\"https:\/\/i0.wp.com\/www.st-georg-corps.de\/wp-content\/uploads\/2024\/06\/2024_Gaestekoenigin_Kostbahn-Carolin.jpg?resize=250%2C250\" alt=\"\" width=\"250\" height=\"250\" srcset=\"https:\/\/i0.wp.com\/www.st-georg-corps.de\/wp-content\/uploads\/2024\/06\/2024_Gaestekoenigin_Kostbahn-Carolin.jpg?resize=600%2C600&amp;ssl=1 600w, https:\/\/i0.wp.com\/www.st-georg-corps.de\/wp-content\/uploads\/2024\/06\/2024_Gaestekoenigin_Kostbahn-Carolin.jpg?resize=250%2C250&amp;ssl=1 250w, https:\/\/i0.wp.com\/www.st-georg-corps.de\/wp-content\/uploads\/2024\/06\/2024_Gaestekoenigin_Kostbahn-Carolin.jpg?resize=768%2C768&amp;ssl=1 768w, https:\/\/i0.wp.com\/www.st-georg-corps.de\/wp-content\/uploads\/2024\/06\/2024_Gaestekoenigin_Kostbahn-Carolin.jpg?resize=90%2C90&amp;ssl=1 90w, https:\/\/i0.wp.com\/www.st-georg-corps.de\/wp-content\/uploads\/2024\/06\/2024_Gaestekoenigin_Kostbahn-Carolin.jpg?resize=75%2C75&amp;ssl=1 75w, https:\/\/i0.wp.com\/www.st-georg-corps.de\/wp-content\/uploads\/2024\/06\/2024_Gaestekoenigin_Kostbahn-Carolin.jpg?w=1000&amp;ssl=1 1000w\" sizes=\"auto, (max-width: 250px) 100vw, 250px\" \/><\/a><p id=\"caption-attachment-3436\" class=\"wp-caption-text\">G\u00e4stek\u00f6nigin 2024 &#8211; Dr. Carolin Kostbahn<\/p><\/div>\n<p>&nbsp;<\/p>\n<p>&nbsp;<\/p>\n<p>&nbsp;<\/p>\n<p>&nbsp;<\/p>\n","protected":false},"excerpt":{"rendered":"","protected":false},"author":1,"featured_media":0,"parent":0,"menu_order":0,"comment_status":"closed","ping_status":"closed","template":"template-fullwidth.php","meta":{"ngg_post_thumbnail":0,"footnotes":""},"class_list":["post-56","page","type-page","status-publish","hentry"],"jetpack_shortlink":"https:\/\/wp.me\/P8O44P-U","jetpack-related-posts":[{"id":15,"url":"https:\/\/www.st-georg-corps.de\/?page_id=15","url_meta":{"origin":56,"position":0},"title":"Kontakt","author":"Ren\u00e9 Kupperian","date":"2017-05-31","format":false,"excerpt":"","rel":"","context":"\u00c4hnlicher Beitrag","block_context":{"text":"\u00c4hnlicher Beitrag","link":""},"img":{"alt_text":"","src":"","width":0,"height":0},"classes":[]}],"jetpack_likes_enabled":false,"jetpack_sharing_enabled":true,"_links":{"self":[{"href":"https:\/\/www.st-georg-corps.de\/index.php?rest_route=\/wp\/v2\/pages\/56","targetHints":{"allow":["GET"]}}],"collection":[{"href":"https:\/\/www.st-georg-corps.de\/index.php?rest_route=\/wp\/v2\/pages"}],"about":[{"href":"https:\/\/www.st-georg-corps.de\/index.php?rest_route=\/wp\/v2\/types\/page"}],"author":[{"embeddable":true,"href":"https:\/\/www.st-georg-corps.de\/index.php?rest_route=\/wp\/v2\/users\/1"}],"replies":[{"embeddable":true,"href":"https:\/\/www.st-georg-corps.de\/index.php?rest_route=%2Fwp%2Fv2%2Fcomments&post=56"}],"version-history":[{"count":14,"href":"https:\/\/www.st-georg-corps.de\/index.php?rest_route=\/wp\/v2\/pages\/56\/revisions"}],"predecessor-version":[{"id":3671,"href":"https:\/\/www.st-georg-corps.de\/index.php?rest_route=\/wp\/v2\/pages\/56\/revisions\/3671"}],"wp:attachment":[{"href":"https:\/\/www.st-georg-corps.de\/index.php?rest_route=%2Fwp%2Fv2%2Fmedia&parent=56"}],"curies":[{"name":"wp","href":"https:\/\/api.w.org\/{rel}","templated":true}]}}